{"id":2208,"date":"2025-02-27T19:44:55","date_gmt":"2025-02-27T18:44:55","guid":{"rendered":"https:\/\/renesance.opocno.cz\/?page_id=2208"},"modified":"2026-04-30T12:59:50","modified_gmt":"2026-04-30T11:59:50","slug":"informace-pro-ucastniky","status":"publish","type":"page","link":"https:\/\/renesance.opocno.cz\/en\/rocnik-2026\/informace-pro-ucastniky\/","title":{"rendered":"Guidelines, Fees, Registration"},"content":{"rendered":"<h4 class=\"wp-block-heading\"><em>Dear friends, thank you very much for your interest in participating in our Renaissance courses and the entire festival. I look forward to seeing you in Opo\u010dno this August.<\/em><\/h4>\n\n\n\n<h5 class=\"wp-block-heading\"><em>Kamil Reme\u0161, Festival Director<\/em><\/h5>\n\n\n\n<div class=\"wp-block-group has-global-padding is-layout-constrained wp-block-group-is-layout-constrained\" style=\"border-top-width:1rem;padding-top:var(--wp--preset--spacing--30)\"><\/div>\n\n\n\n<div class=\"wp-block-columns is-layout-flex wp-container-core-columns-is-layout-1 wp-block-columns-is-layout-flex\">\n<div class=\"wp-block-column is-layout-flow wp-block-column-is-layout-flow\">\n<div class=\"wp-block-group is-vertical is-content-justification-stretch is-layout-flex wp-container-core-group-is-layout-2 wp-block-group-is-layout-flex\">\n<h2 class=\"wp-block-heading has-text-align-left has-contrast-color has-text-color\">How to Get Here<\/h2>\n\n\n\n<div style=\"height:60px\" aria-hidden=\"true\" class=\"wp-block-spacer wp-container-content-1\"><\/div>\n\n\n\n<h4 class=\"wp-block-heading\">Opo\u010dno is located in the foothills of the Orlick\u00e9 Mountains, approximately 30 km from Hradec Kr\u00e1lov\u00e9.<\/h4>\n<\/div>\n\n\n\n<h5 class=\"wp-block-heading\">Informace k&nbsp;dopravn\u00edmu spojen\u00ed<br>(Praha \u2013 Hradec Kr\u00e1lov\u00e9 \u2013 Opo\u010dno)<br>autobusy, vlaky<\/h5>\n\n\n\n<h4 class=\"wp-block-heading\"><a href=\"http:\/\/www.idos.cz\/\" target=\"_blank\" rel=\"noreferrer noopener\">www.idos.cz<\/a><\/h4>\n<\/div>\n\n\n\n<div class=\"wp-block-column is-layout-flow wp-block-column-is-layout-flow\">\n<iframe loading=\"lazy\" style=\"border:none\" src=\"https:\/\/frame.mapy.cz\/s\/natecuzaju\" width=\"100%\" height=\"466\" frameborder=\"0\"><\/iframe>\n<\/div>\n<\/div>\n\n\n\n<div class=\"wp-block-group has-global-padding is-layout-constrained wp-block-group-is-layout-constrained\" style=\"border-top-width:1rem;padding-top:var(--wp--preset--spacing--30)\"><\/div>\n\n\n\n<div class=\"wp-block-columns is-layout-flex wp-container-core-columns-is-layout-2 wp-block-columns-is-layout-flex\">\n<div class=\"wp-block-column is-layout-flow wp-block-column-is-layout-flow\">\n<div class=\"wp-block-group is-vertical is-content-justification-stretch is-layout-flex wp-container-core-group-is-layout-4 wp-block-group-is-layout-flex\">\n<h2 class=\"wp-block-heading has-text-align-left has-contrast-color has-text-color\">Accommodation<\/h2>\n\n\n\n<div style=\"height:0px\" aria-hidden=\"true\" class=\"wp-block-spacer wp-container-content-2\"><\/div>\n<\/div>\n<\/div>\n\n\n\n<div class=\"wp-block-column is-layout-flow wp-block-column-is-layout-flow\">\n<h4 class=\"wp-block-heading\">Accommodation is arranged individually by participants. <\/h4>\n\n\n\n<h4 class=\"wp-block-heading\">If you are interested, we can help arrange accommodation in Opo\u010dno under favorable conditions. Please indicate your request in the registration form. We will then arrange the details individually.<\/h4>\n<\/div>\n<\/div>\n\n\n\n<div class=\"wp-block-group has-global-padding is-layout-constrained wp-block-group-is-layout-constrained\" style=\"border-top-width:1rem;padding-top:var(--wp--preset--spacing--30)\"><\/div>\n\n\n\n<div class=\"wp-block-columns is-layout-flex wp-container-core-columns-is-layout-3 wp-block-columns-is-layout-flex\">\n<div class=\"wp-block-column is-layout-flow wp-block-column-is-layout-flow\">\n<div class=\"wp-block-group is-vertical is-content-justification-stretch is-layout-flex wp-container-core-group-is-layout-6 wp-block-group-is-layout-flex\">\n<h2 class=\"wp-block-heading has-text-align-left has-contrast-color has-text-color\">Catering \/ Meals<\/h2>\n<\/div>\n<\/div>\n\n\n\n<div class=\"wp-block-column is-layout-flow wp-block-column-is-layout-flow\">\n<h4 class=\"wp-block-heading\">J\u00eddlo bude zaji\u0161t\u011bno v&nbsp;Restauraci Podloub\u00ed v&nbsp;Opo\u010dn\u011b. Dle po\u010dtu z\u00e1jemc\u016f a\u017e 3x denn\u011b. Nab\u00edz\u00ed i&nbsp;p\u0159\u00edpravu vegetari\u00e1nsk\u00e9 stravy.<\/h4>\n\n\n\n<p>P\u0159\u00edpadn\u011b je mo\u017enost si objednat dov\u00e1\u017eku j\u00eddla: <a href=\"https:\/\/www.rozvozspecialit.cz\/\">https:\/\/www.rozvozspecialit.cz\/<\/a><\/p>\n<\/div>\n<\/div>\n\n\n\n<div class=\"wp-block-group has-global-padding is-layout-constrained wp-block-group-is-layout-constrained\" style=\"border-top-width:1rem;padding-top:var(--wp--preset--spacing--30)\"><\/div>\n\n\n\n<div class=\"wp-block-columns is-layout-flex wp-container-core-columns-is-layout-4 wp-block-columns-is-layout-flex\">\n<div class=\"wp-block-column is-layout-flow wp-block-column-is-layout-flow\">\n<div class=\"wp-block-group is-vertical is-content-justification-stretch is-layout-flex wp-container-core-group-is-layout-8 wp-block-group-is-layout-flex\">\n<h2 class=\"wp-block-heading has-text-align-left has-contrast-color has-text-color translation-block\">Course<br>Venues<\/h2>\n<\/div>\n<\/div>\n\n\n\n<div class=\"wp-block-column is-layout-flow wp-block-column-is-layout-flow\">\n<h4 class=\"wp-block-heading\">V\u0161echna m\u00edsta se nach\u00e1zej\u00ed v&nbsp;centru Opo\u010dna a&nbsp;jsou od sebe vzd\u00e1len\u00e1 p\u0159ibli\u017en\u011b 5 minut ch\u016fze.<\/h4>\n<\/div>\n<\/div>\n\n\n\n<figure class=\"wp-block-table\"><table class=\"has-fixed-layout\"><tbody><tr><td class=\"translation-block\">Solo<br>singing<\/td><td>Kodym\u016fv n\u00e1rodn\u00ed d\u016fm (Kupkovo n\u00e1m\u011bst\u00ed)<\/td><\/tr><tr><td>Renesan\u010dn\u00ed tanec<\/td><td>Kodym\u016fv n\u00e1rodn\u00ed d\u016fm (Kupkovo n\u00e1m\u011bst\u00ed)<\/td><\/tr><tr><td>Viola da gamba<\/td><td>Mari\u00e1nsk\u00fd kostel\u00edk (Kodymova ulice)<\/td><\/tr><\/tbody><\/table><\/figure>\n\n\n\n<div class=\"wp-block-group has-global-padding is-layout-constrained wp-block-group-is-layout-constrained\" style=\"border-top-width:1rem;padding-top:var(--wp--preset--spacing--30)\"><\/div>\n\n\n\n<div class=\"wp-block-columns is-layout-flex wp-container-core-columns-is-layout-5 wp-block-columns-is-layout-flex\">\n<div class=\"wp-block-column is-layout-flow wp-block-column-is-layout-flow\">\n<div class=\"wp-block-group is-vertical is-content-justification-stretch is-layout-flex wp-container-core-group-is-layout-10 wp-block-group-is-layout-flex\">\n<h2 class=\"wp-block-heading has-text-align-left has-contrast-color has-text-color translation-block\">Questions<br>About Organization<br>and Teaching<\/h2>\n<\/div>\n<\/div>\n\n\n\n<div class=\"wp-block-column is-layout-flow wp-block-column-is-layout-flow\">\n<h5 class=\"wp-block-heading\"><strong>For organizational questions (accommodation, etc.), please contact Kamil Reme\u0161.<\/strong><\/h5>\n\n\n\n<h5 class=\"wp-block-heading\"><strong>Specific questions regarding individual classes should be directed to the respective instructors.<\/strong><\/h5>\n<\/div>\n<\/div>\n\n\n\n<figure class=\"wp-block-table\"><table class=\"has-fixed-layout\"><tbody><tr><td>Kamil Reme\u0161<\/td><td>renesance.opocno@gmail.com<br>+420&nbsp;702&nbsp;207&nbsp;228<\/td><\/tr><tr><td>Nadine Balbeisi, Fernando Mar\u00edn<\/td><td>nbalbeisi@gmail.com<\/td><\/tr><tr><td>Letizia Dradi<\/td><td>dradanza@gmail.com <\/td><\/tr><\/tbody><\/table><\/figure>\n\n\n\n<div class=\"wp-block-group has-global-padding is-layout-constrained wp-block-group-is-layout-constrained\" style=\"border-top-width:1rem;padding-top:var(--wp--preset--spacing--30)\"><\/div>\n\n\n\n<div class=\"wp-block-group is-vertical is-content-justification-stretch is-layout-flex wp-container-core-group-is-layout-12 wp-block-group-is-layout-flex\">\n<h2 class=\"wp-block-heading has-text-align-left has-contrast-color has-text-color\">Course Fees<\/h2>\n<\/div>\n\n\n\n<figure class=\"wp-block-table\"><table><tbody><tr><td>P\u011bveck\u00e1 s\u00f3lov\u00e1 t\u0159\u00edda Nadine Balbeisi (19.\u201321.&nbsp;8.&nbsp;2026)<\/td><td class=\"has-text-align-right\" data-align=\"right\">2350&nbsp;K\u010d<\/td><\/tr><tr><td>T\u0159\u00edda viola da gamba Fernanda Mar\u00edna (19.\u201321.&nbsp;8.&nbsp;2026)<\/td><td class=\"has-text-align-right\" data-align=\"right\">2350&nbsp;K\u010d<\/td><\/tr><tr><td>Tane\u010dn\u00ed t\u0159\u00edda Letizie Dradi (17.\u201322.&nbsp;8.&nbsp;2026) <\/td><td class=\"has-text-align-right\" data-align=\"right\">4200&nbsp;K\u010d<\/td><\/tr><\/tbody><\/table><\/figure>\n\n\n\n<div class=\"wp-block-group has-global-padding is-layout-constrained wp-block-group-is-layout-constrained\" style=\"border-top-width:1rem;padding-top:var(--wp--preset--spacing--30)\"><\/div>\n\n\n\n<div class=\"wp-block-group has-global-padding is-layout-constrained wp-block-group-is-layout-constrained\">\n<h1 class=\"wp-block-heading\"><a href=\"https:\/\/renesance.opocno.cz\/en\/prihlaska\/\">Registration Form<\/a><\/h1>\n<\/div>","protected":false},"excerpt":{"rendered":"<p>V\u00e1\u017een\u00ed p\u0159\u00e1tel\u00e9, moc v\u00e1m d\u011bkuji za z\u00e1jem \u00fa\u010dastnit se na\u0161ich renesan\u010dn\u00edch kurz\u016f i&nbsp;cel\u00e9ho festivalu a&nbsp;t\u011b\u0161\u00edm se na srpnov\u00e9 setk\u00e1n\u00ed v&nbsp;Opo\u010dn\u011b. Kamil Reme\u0161, \u0159editel festivalu Jak se k&nbsp;n\u00e1m dostanete Opo\u010dno le\u017e\u00ed v&nbsp;podh\u016f\u0159\u00ed Orlick\u00fdch hor p\u0159ibli\u017en\u011b 30 km od Hradce Kr\u00e1lov\u00e9. Informace k&nbsp;dopravn\u00edmu spojen\u00ed(Praha \u2013 Hradec Kr\u00e1lov\u00e9 \u2013 Opo\u010dno)autobusy, vlaky www.idos.cz Ubytov\u00e1n\u00ed Ubytov\u00e1n\u00ed si \u00fa\u010dastn\u00edci zaji\u0161tuj\u00ed sami. [&hellip;]<\/p>","protected":false},"author":1,"featured_media":347,"parent":3245,"menu_order":0,"comment_status":"closed","ping_status":"closed","template":"","meta":{"footnotes":""},"class_list":["post-2208","page","type-page","status-publish","has-post-thumbnail","hentry"],"_links":{"self":[{"href":"https:\/\/renesance.opocno.cz\/en\/wp-json\/wp\/v2\/pages\/2208","targetHints":{"allow":["GET"]}}],"collection":[{"href":"https:\/\/renesance.opocno.cz\/en\/wp-json\/wp\/v2\/pages"}],"about":[{"href":"https:\/\/renesance.opocno.cz\/en\/wp-json\/wp\/v2\/types\/page"}],"author":[{"embeddable":true,"href":"https:\/\/renesance.opocno.cz\/en\/wp-json\/wp\/v2\/users\/1"}],"replies":[{"embeddable":true,"href":"https:\/\/renesance.opocno.cz\/en\/wp-json\/wp\/v2\/comments?post=2208"}],"version-history":[{"count":85,"href":"https:\/\/renesance.opocno.cz\/en\/wp-json\/wp\/v2\/pages\/2208\/revisions"}],"predecessor-version":[{"id":3312,"href":"https:\/\/renesance.opocno.cz\/en\/wp-json\/wp\/v2\/pages\/2208\/revisions\/3312"}],"up":[{"embeddable":true,"href":"https:\/\/renesance.opocno.cz\/en\/wp-json\/wp\/v2\/pages\/3245"}],"wp:featuredmedia":[{"embeddable":true,"href":"https:\/\/renesance.opocno.cz\/en\/wp-json\/wp\/v2\/media\/347"}],"wp:attachment":[{"href":"https:\/\/renesance.opocno.cz\/en\/wp-json\/wp\/v2\/media?parent=2208"}],"curies":[{"name":"wp","href":"https:\/\/api.w.org\/{rel}","templated":true}]}}